{"id":570,"date":"2024-08-06T12:04:07","date_gmt":"2024-08-06T10:04:07","guid":{"rendered":"https:\/\/gondartransport.hu\/hu\/?page_id=570"},"modified":"2024-08-14T12:09:30","modified_gmt":"2024-08-14T10:09:30","slug":"minosegpolitika","status":"publish","type":"page","link":"https:\/\/gondartransport.hu\/hu\/minosegpolitika\/","title":{"rendered":"Min\u0151s\u00e9gpolitika"},"content":{"rendered":"\t\t<div data-elementor-type=\"wp-page\" data-elementor-id=\"570\" class=\"elementor elementor-570\" data-elementor-post-type=\"page\">\n\t\t\t\t\t\t<section class=\"elementor-section elementor-top-section elementor-element elementor-element-608cabf7 elementor-section-height-min-height elementor-section-boxed elementor-section-height-default elementor-section-items-middle\" data-id=\"608cabf7\" data-element_type=\"section\" data-settings=\"{&quot;background_background&quot;:&quot;classic&quot;}\">\n\t\t\t\t\t\t\t<div class=\"elementor-background-overlay\"><\/div>\n\t\t\t\t\t\t\t<div class=\"elementor-container elementor-column-gap-default\">\n\t\t\t\t\t<div class=\"elementor-column elementor-col-100 elementor-top-column elementor-element elementor-element-2ac1dc31\" data-id=\"2ac1dc31\" data-element_type=\"column\">\n\t\t\t<div class=\"elementor-widget-wrap elementor-element-populated\">\n\t\t\t\t\t\t<div class=\"elementor-element elementor-element-3843b2d5 elementor-invisible elementor-widget elementor-widget-heading\" data-id=\"3843b2d5\" data-element_type=\"widget\" data-settings=\"{&quot;_animation&quot;:&quot;fadeInDown&quot;}\" data-widget_type=\"heading.default\">\n\t\t\t\t<div class=\"elementor-widget-container\">\n\t\t\t\t\t<h1 class=\"elementor-heading-title elementor-size-default\">Min\u0151s\u00e9gpolitika<\/h1>\t\t\t\t<\/div>\n\t\t\t\t<\/div>\n\t\t\t\t\t<\/div>\n\t\t<\/div>\n\t\t\t\t\t<\/div>\n\t\t<\/section>\n\t\t\t\t<section class=\"elementor-section elementor-top-section elementor-element elementor-element-3c43e1fe elementor-section-boxed elementor-section-height-default elementor-section-height-default\" data-id=\"3c43e1fe\" data-element_type=\"section\">\n\t\t\t\t\t\t<div class=\"elementor-container elementor-column-gap-default\">\n\t\t\t\t\t<div class=\"elementor-column elementor-col-100 elementor-top-column elementor-element elementor-element-344020ee\" data-id=\"344020ee\" data-element_type=\"column\">\n\t\t\t<div class=\"elementor-widget-wrap elementor-element-populated\">\n\t\t\t\t\t\t<div class=\"elementor-element elementor-element-132d6ac2 elementor-widget elementor-widget-elementskit-heading\" data-id=\"132d6ac2\" data-element_type=\"widget\" data-widget_type=\"elementskit-heading.default\">\n\t\t\t\t<div class=\"elementor-widget-container\">\n\t\t\t\t\t<div class=\"ekit-wid-con\" ><div class=\"ekit-heading elementskit-section-title-wraper text_left   ekit_heading_tablet-   ekit_heading_mobile-\"><h2 class=\"ekit-heading--title elementskit-section-title \">Min\u0151s\u00e9gpolitika - Gond\u00e1r Transport<\/h2><\/div><\/div>\t\t\t\t<\/div>\n\t\t\t\t<\/div>\n\t\t\t\t<section class=\"elementor-section elementor-inner-section elementor-element elementor-element-aba2700 elementor-section-boxed elementor-section-height-default elementor-section-height-default\" data-id=\"aba2700\" data-element_type=\"section\">\n\t\t\t\t\t\t<div class=\"elementor-container elementor-column-gap-default\">\n\t\t\t\t\t<div class=\"elementor-column elementor-col-50 elementor-inner-column elementor-element elementor-element-193c5c8\" data-id=\"193c5c8\" data-element_type=\"column\">\n\t\t\t<div class=\"elementor-widget-wrap elementor-element-populated\">\n\t\t\t\t\t\t<div class=\"elementor-element elementor-element-ff8e1c9 elementor-widget elementor-widget-text-editor\" data-id=\"ff8e1c9\" data-element_type=\"widget\" data-widget_type=\"text-editor.default\">\n\t\t\t\t<div class=\"elementor-widget-container\">\n\t\t\t\t\t\t\t\t\t<p class=\"s8\">A <span class=\"s7\">Gond\u00e1r Transport Kft<\/span><span class=\"s7\">.<\/span><span class=\"s7\"> vezet\u0151s\u00e9ge fontosnak tartja<\/span><span class=\"s7\"> elk\u00f6t<\/span><span class=\"s7\">elezetts\u00e9g\u00e9t a min\u0151s\u00e9gi munkav\u00e9g<\/span><span class=\"s7\">z\u00e9s ir\u00e1nt<\/span>. Fontos c\u00e9lkit\u0171z\u00e9s\u00fcnk, hogy megrendel\u0151ink, partnereink ig\u00e9nyeit pontosan, id\u0151ben, megel\u00e9gedetts\u00e9g\u00fckre kiszolg\u00e1ljuk, seg\u00edts\u00fck prec\u00edz munkav\u00e9gz\u00e9s\u00fcnkkel m\u0171k\u00f6d\u00e9s\u00fcket.<\/p><p class=\"s8\">A c\u00e9lkit\u0171z\u00e9sek megval\u00f3s\u00edt\u00e1sa \u00e9rdek\u00e9ben olyan min\u0151s\u00e9gir\u00e1ny\u00edt\u00e1si rendszert k\u00edv\u00e1nunk m\u0171k\u00f6dtetni, mely megfelel az MSZ EN ISO 9001:2015 szabv\u00e1nyk\u00f6vetelm\u00e9nyeknek, \u00e9s seg\u00edti c\u00e9lkit\u0171z\u00e9s\u00fcnk el\u00e9r\u00e9s\u00e9t. Min\u0151s\u00e9gir\u00e1ny\u00edt\u00e1si rendszer\u00fcnkben megfogalmazott politik\u00e1nkkal az \u00e9rdekelt felek ig\u00e9nyeinek, a szervezet sz\u00e1nd\u00e9kainak k\u00edv\u00e1nunk megfelelni t\u00e1mogatjuk a t\u00e1rsas\u00e1g strat\u00e9gi\u00e1j\u00e1nak megval\u00f3s\u00edt\u00e1s\u00e1t keretet adunk a c\u00e9lok el\u00e9r\u00e9s\u00e9hez.<\/p><p class=\"s8\">T\u00e1rsas\u00e1gunk vezet\u00e9se \u00e9s dolgoz\u00f3i v\u00e1llalj\u00e1k a partneri, jogszab\u00e1lyi \u00e9s egy\u00e9b szab\u00e1lyoz\u00f3 k\u00f6vetelm\u00e9nyeknek val\u00f3 megfelel\u00e9st a vonatkoz\u00f3 szabv\u00e1nyok \u00e9s el\u0151\u00edr\u00e1sok k\u00f6vetelm\u00e9nyeinek megfelel\u0151 ir\u00e1ny\u00edt\u00e1si rendszeralkalmaz\u00e1s\u00e1t, m\u0171k\u00f6dtet\u00e9s\u00e9t \u00e9s fejleszt\u00e9s\u00e9t.<\/p><p class=\"s10\">Tev\u00e9kenys\u00e9g\u00fcnk sor\u00e1n t\u00f6reksz\u00fcnk a j\u00f3 min\u0151s\u00e9g\u0171 eszk\u00f6z\u00f6k haszn\u00e1lat\u00e1ra, a szakma szab\u00e1lyainak betart\u00e1s\u00e1ra, a k\u00f6rnyezetv\u00e9delem szem el\u0151tt tart\u00e1s\u00e1ra. A t\u00e1rsas\u00e1gunkn\u00e1l kialak\u00edtott munkakult\u00fara a szolg\u00e1ltat\u00e1sainkat ig\u00e9nybe vev\u0151k el\u00e9gedetts\u00e9g\u00e9nek n\u00f6vel\u00e9s\u00e9re f\u00f3kusz\u00e1l.<\/p><p class=\"s10\">Partnerkapcsolatainkat a pontoss\u00e1g, megb\u00edzhat\u00f3s\u00e1g \u00e9s korrekts\u00e9g jellemzi. Hossz\u00fat\u00e1v\u00fa kapcsolatot k\u00edv\u00e1nunk kialak\u00edtani mindazokkal az alv\u00e1llalkoz\u00f3kkal, akik azonosulni tudnak c\u00e9g\u00fcnk c\u00e9lkit\u0171z\u00e9seivel.<\/p><p class=\"s10\"><b>C\u00e9ljaink el\u00e9r\u00e9se \u00e9rdek\u00e9ben:<\/b><\/p><p class=\"s11\">Megfelel\u0151 szakmai ismeretekkel rendelkez\u0151 munkat\u00e1rsak alkalmaz\u00e1s\u00e1ra t\u00f6reksz\u00fcnk, \u00e9s biztos\u00edtjuk dolgoz\u00f3ink k\u00e9pz\u00e9s\u00e9t<\/p><ul><li class=\"s11\">Gondoskodunk a sz\u00fcks\u00e9ges er\u0151forr\u00e1sok rendelkez\u00e9sre \u00e1ll\u00e1s\u00e1r\u00f3l, a haszn\u00e1lt eszk\u00f6zpark folyamatos fejleszt\u00e9s\u00e9r\u0151l<\/li><li class=\"s11\">Gondot ford\u00edtunk a k\u00f6rnyezet v\u00e9delm\u00e9re, a k\u00f6rnyezetszennyez\u00e9s megel\u0151z\u00e9s\u00e9re<\/li><li class=\"s8\">Elv\u00e1rjuk, hogy vezet\u0151ink \u00e9s minden munkat\u00e1rsunk a Min\u0151s\u00e9gpolitik\u00e1ban foglaltakkal \u00f6sszhangban, szem\u00e9lyes tud\u00e1s\u00e1val \u00e9s felel\u0151ss\u00e9g\u00e9vel j\u00e1ruljon hozz\u00e1 a Min\u0151s\u00e9gbiztos\u00edt\u00e1si rendszer, \u00e9s t\u00e1rsas\u00e1gunk hat\u00e9kony \u00e9s eredm\u00e9nyes m\u0171k\u00f6d\u00e9s\u00e9hez.<\/li><\/ul><div>\u00a0<\/div><p>Mosonmagyar\u00f3v\u00e1r, 2022.05.01.<\/p><p class=\"s12\">Gond\u00e1r Gy\u00f6rgy<br \/>\u00dcgyvezet\u0151<\/p><p class=\"s12\">\u00a0<\/p>\t\t\t\t\t\t\t\t<\/div>\n\t\t\t\t<\/div>\n\t\t\t\t\t<\/div>\n\t\t<\/div>\n\t\t\t\t<div class=\"elementor-column elementor-col-50 elementor-inner-column elementor-element elementor-element-fc6947e\" data-id=\"fc6947e\" data-element_type=\"column\">\n\t\t\t<div class=\"elementor-widget-wrap elementor-element-populated\">\n\t\t\t\t\t\t<div class=\"elementor-element elementor-element-47b9829 elementor-widget elementor-widget-image\" data-id=\"47b9829\" data-element_type=\"widget\" data-widget_type=\"image.default\">\n\t\t\t\t<div class=\"elementor-widget-container\">\n\t\t\t\t\t\t\t\t\t\t\t\t\t\t\t<img fetchpriority=\"high\" decoding=\"async\" width=\"745\" height=\"1024\" src=\"https:\/\/gondartransport.hu\/hu\/wp-content\/uploads\/2024\/08\/Tanusitvany-magyar-2024-202772-745x1024.jpg\" class=\"attachment-large size-large wp-image-592\" alt=\"\" srcset=\"https:\/\/gondartransport.hu\/hu\/wp-content\/uploads\/2024\/08\/Tanusitvany-magyar-2024-202772-745x1024.jpg 745w, https:\/\/gondartransport.hu\/hu\/wp-content\/uploads\/2024\/08\/Tanusitvany-magyar-2024-202772-509x700.jpg 509w, https:\/\/gondartransport.hu\/hu\/wp-content\/uploads\/2024\/08\/Tanusitvany-magyar-2024-202772-768x1056.jpg 768w, https:\/\/gondartransport.hu\/hu\/wp-content\/uploads\/2024\/08\/Tanusitvany-magyar-2024-202772-1117x1536.jpg 1117w, https:\/\/gondartransport.hu\/hu\/wp-content\/uploads\/2024\/08\/Tanusitvany-magyar-2024-202772-1489x2048.jpg 1489w, https:\/\/gondartransport.hu\/hu\/wp-content\/uploads\/2024\/08\/Tanusitvany-magyar-2024-202772.jpg 1700w\" sizes=\"(max-width: 745px) 100vw, 745px\" \/>\t\t\t\t\t\t\t\t\t\t\t\t\t\t\t<\/div>\n\t\t\t\t<\/div>\n\t\t\t\t\t<\/div>\n\t\t<\/div>\n\t\t\t\t\t<\/div>\n\t\t<\/section>\n\t\t\t\t\t<\/div>\n\t\t<\/div>\n\t\t\t\t\t<\/div>\n\t\t<\/section>\n\t\t\t\t<section class=\"elementor-section elementor-top-section elementor-element elementor-element-9931816 elementor-section-boxed elementor-section-height-default elementor-section-height-default\" data-id=\"9931816\" data-element_type=\"section\">\n\t\t\t\t\t\t<div class=\"elementor-container elementor-column-gap-default\">\n\t\t\t\t\t<div class=\"elementor-column elementor-col-100 elementor-top-column elementor-element elementor-element-290db7f\" data-id=\"290db7f\" data-element_type=\"column\">\n\t\t\t<div class=\"elementor-widget-wrap elementor-element-populated\">\n\t\t\t\t\t\t<div class=\"elementor-element elementor-element-a25c142 elementor-widget elementor-widget-elementskit-heading\" data-id=\"a25c142\" data-element_type=\"widget\" data-widget_type=\"elementskit-heading.default\">\n\t\t\t\t<div class=\"elementor-widget-container\">\n\t\t\t\t\t<div class=\"ekit-wid-con\" ><div class=\"ekit-heading elementskit-section-title-wraper text_left   ekit_heading_tablet-   ekit_heading_mobile-\"><h2 class=\"ekit-heading--title elementskit-section-title \">Min\u0151s\u00e9gpolitika - Gond\u00e1r Logisztika<\/h2><\/div><\/div>\t\t\t\t<\/div>\n\t\t\t\t<\/div>\n\t\t\t\t<section class=\"elementor-section elementor-inner-section elementor-element elementor-element-3f01556 elementor-section-boxed elementor-section-height-default elementor-section-height-default\" data-id=\"3f01556\" data-element_type=\"section\">\n\t\t\t\t\t\t<div class=\"elementor-container elementor-column-gap-default\">\n\t\t\t\t\t<div class=\"elementor-column elementor-col-50 elementor-inner-column elementor-element elementor-element-521e979\" data-id=\"521e979\" data-element_type=\"column\">\n\t\t\t<div class=\"elementor-widget-wrap elementor-element-populated\">\n\t\t\t\t\t\t<div class=\"elementor-element elementor-element-2dea568 elementor-widget elementor-widget-text-editor\" data-id=\"2dea568\" data-element_type=\"widget\" data-widget_type=\"text-editor.default\">\n\t\t\t\t<div class=\"elementor-widget-container\">\n\t\t\t\t\t\t\t\t\t<p class=\"s7\">A Gond\u00e1r Logisztikai Kft. \u00a0vezet\u0151s\u00e9ge fontosnak tartja elk\u00f6telezetts\u00e9g\u00e9t a min\u0151s\u00e9gi munkav\u00e9gz\u00e9s ir\u00e1nt. Fontos c\u00e9lkit\u0171z\u00e9s\u00fcnk, hogy megrendel\u0151ink, partnereink ig\u00e9nyeit pontosan, id\u0151ben, megel\u00e9gedetts\u00e9g\u00fckre kiszolg\u00e1ljuk, seg\u00edts\u00fck munkav\u00e9gz\u00e9s\u00fcnkkel m\u0171k\u00f6d\u00e9s\u00fcket.<\/p><p class=\"s7\">Ennek \u00e9rdek\u00e9ben a folyamatszeml\u00e9let\u0171 megk\u00f6zel\u00edt\u00e9s alkalmaz\u00e1s\u00e1val alak\u00edtottuk ki, \u00e9s m\u0171k\u00f6dtetj\u00fck rendszer\u00fcnket, mely megfelel az MSZ EN ISO 9001:2015 szabv\u00e1ny el\u0151\u00edr\u00e1sainak<\/p><p class=\"s7\">Hossz\u00fa t\u00e1von az \u00f6sszes \u00e9rdekelt f\u00e9l, vev\u0151ink, partnereink, dolgoz\u00f3ink, \u00e9s k\u00f6rnyezet\u00fcnk \u00e9rdekeinek figyelembev\u00e9tele mellett lehet hat\u00e9konyan m\u0171k\u00f6dni. Ez\u00e9rt az \u00e9rdekelt felekkel kapcsolatos teljes\u00edtm\u00e9ny\u00fcnk folyamatos fejleszt\u00e9se \u00e9s fejl\u0151d\u00e9se az els\u0151dleges c\u00e9lunk.<\/p><p class=\"s7\">Ennek \u00e9rdek\u00e9ben a k\u00f6vetkez\u0151k mellett k\u00f6telezz\u00fck el magunkat:<\/p><ul><li class=\"s8\">Tev\u00e9kenys\u00e9geink feleljenek meg a jogszab\u00e1lyi k\u00f6vetelm\u00e9nyeknek, \u00e9s m\u00e1s v\u00e1llalt k\u00f6telezetts\u00e9geinknek<\/li><li class=\"s8\">Rendszeresen vizsg\u00e1ljuk tev\u00e9kenys\u00e9geink megfelel\u0151s\u00e9g\u00e9t a min\u0151s\u00e9g szempontj\u00e1b\u00f3l<\/li><li class=\"s8\">Tev\u00e9kenys\u00e9g\u00fcnk sor\u00e1n a f\u0151 hangs\u00falyt a nem megfelel\u0151s\u00e9gek megel\u0151z\u00e9s\u00e9re helyezz\u00fck<\/li><\/ul><p class=\"s7\">Kiemelt figyelmet ford\u00edtunk:<\/p><ul><li class=\"s9\">Megrendel\u0151ink ig\u00e9nyeinek folyamatos figyel\u00e9s\u00e9re<\/li><li class=\"s9\">A v\u00e1llat hat\u00e1rid\u0151k betart\u00e1s\u00e1ra<\/li><li class=\"s9\">Megrendel\u00e9sek pontos teljes\u00edt\u00e9s\u00e9re, az esetleges cs\u00fasz\u00e1sok megfelel\u0151 kezel\u00e9s\u00e9re<\/li><li class=\"s9\">AZ eszk\u00f6z\u00f6k, energiaforr\u00e1sok, \u00e9s term\u00e9szeti er\u0151forr\u00e1sok felhaszn\u00e1l\u00e1sa hat\u00e9konys\u00e1g\u00e1nakn\u00f6vel\u00e9s\u00e9re<\/li><li class=\"s9\">Hullad\u00e9kgazd\u00e1lkod\u00e1sunk jav\u00edt\u00e1s\u00e1ra, k\u00f6rnyezetre k\u00e1ros, vesz\u00e9lyes hullad\u00e9knak min\u0151s\u00fcl\u0151 anyagok megfelel\u0151 kezel\u00e9s\u00e9re<\/li><\/ul><p class=\"s7\">Min\u0151s\u00e9gpolitik\u00e1nk megval\u00f3sul\u00e1s\u00e1ban, annak teljesk\u00f6r\u0171 t\u00e1mogat\u00e1s\u00e1ban szervezet\u00fcnk minden munkat\u00e1rs\u00e1ra sz\u00e1m\u00edtunk.<\/p><p>Mosonmagyar\u00f3v\u00e1r, 2022.05.01<\/p>\t\t\t\t\t\t\t\t<\/div>\n\t\t\t\t<\/div>\n\t\t\t\t\t<\/div>\n\t\t<\/div>\n\t\t\t\t<div class=\"elementor-column elementor-col-50 elementor-inner-column elementor-element elementor-element-e264b53\" data-id=\"e264b53\" data-element_type=\"column\">\n\t\t\t<div class=\"elementor-widget-wrap elementor-element-populated\">\n\t\t\t\t\t\t<div class=\"elementor-element elementor-element-8053aa9 elementor-widget elementor-widget-image\" data-id=\"8053aa9\" data-element_type=\"widget\" data-widget_type=\"image.default\">\n\t\t\t\t<div class=\"elementor-widget-container\">\n\t\t\t\t\t\t\t\t\t\t\t\t\t\t\t<img decoding=\"async\" width=\"724\" height=\"1024\" src=\"https:\/\/gondartransport.hu\/hu\/wp-content\/uploads\/2024\/08\/Tanusitvany-Log-2022-724x1024.jpg\" class=\"attachment-large size-large wp-image-574\" alt=\"\" srcset=\"https:\/\/gondartransport.hu\/hu\/wp-content\/uploads\/2024\/08\/Tanusitvany-Log-2022-724x1024.jpg 724w, https:\/\/gondartransport.hu\/hu\/wp-content\/uploads\/2024\/08\/Tanusitvany-Log-2022-495x700.jpg 495w, https:\/\/gondartransport.hu\/hu\/wp-content\/uploads\/2024\/08\/Tanusitvany-Log-2022-768x1086.jpg 768w, https:\/\/gondartransport.hu\/hu\/wp-content\/uploads\/2024\/08\/Tanusitvany-Log-2022-1086x1536.jpg 1086w, https:\/\/gondartransport.hu\/hu\/wp-content\/uploads\/2024\/08\/Tanusitvany-Log-2022-1448x2048.jpg 1448w, https:\/\/gondartransport.hu\/hu\/wp-content\/uploads\/2024\/08\/Tanusitvany-Log-2022.jpg 1653w\" sizes=\"(max-width: 724px) 100vw, 724px\" \/>\t\t\t\t\t\t\t\t\t\t\t\t\t\t\t<\/div>\n\t\t\t\t<\/div>\n\t\t\t\t\t<\/div>\n\t\t<\/div>\n\t\t\t\t\t<\/div>\n\t\t<\/section>\n\t\t\t\t\t<\/div>\n\t\t<\/div>\n\t\t\t\t\t<\/div>\n\t\t<\/section>\n\t\t\t\t<\/div>\n\t\t","protected":false},"excerpt":{"rendered":"<p>Min\u0151s\u00e9gpolitika Min\u0151s\u00e9gpolitika &#8211; Gond\u00e1r Transport A Gond\u00e1r Transport Kft. vezet\u0151s\u00e9ge fontosnak tartja elk\u00f6telezetts\u00e9g\u00e9t a min\u0151s\u00e9gi munkav\u00e9gz\u00e9s ir\u00e1nt. Fontos c\u00e9lkit\u0171z\u00e9s\u00fcnk, hogy megrendel\u0151ink, partnereink ig\u00e9nyeit pontosan, id\u0151ben, megel\u00e9gedetts\u00e9g\u00fckre kiszolg\u00e1ljuk, seg\u00edts\u00fck prec\u00edz munkav\u00e9gz\u00e9s\u00fcnkkel m\u0171k\u00f6d\u00e9s\u00fcket. A c\u00e9lkit\u0171z\u00e9sek megval\u00f3s\u00edt\u00e1sa \u00e9rdek\u00e9ben olyan min\u0151s\u00e9gir\u00e1ny\u00edt\u00e1si rendszert k\u00edv\u00e1nunk m\u0171k\u00f6dtetni, mely megfelel az MSZ EN ISO 9001:2015 szabv\u00e1nyk\u00f6vetelm\u00e9nyeknek, \u00e9s seg\u00edti c\u00e9lkit\u0171z\u00e9s\u00fcnk el\u00e9r\u00e9s\u00e9t. Min\u0151s\u00e9gir\u00e1ny\u00edt\u00e1si rendszer\u00fcnkben megfogalmazott [&hellip;]<\/p>\n","protected":false},"author":1,"featured_media":0,"parent":0,"menu_order":0,"comment_status":"closed","ping_status":"closed","template":"elementor_header_footer","meta":{"footnotes":""},"class_list":["post-570","page","type-page","status-publish","hentry"],"yoast_head":"<!-- This site is optimized with the Yoast SEO plugin v26.8 - https:\/\/yoast.com\/product\/yoast-seo-wordpress\/ -->\n<title>Min\u0151s\u00e9gpolitika - Gond\u00e1r<\/title>\n<meta name=\"robots\" content=\"index, follow, max-snippet:-1, max-image-preview:large, max-video-preview:-1\" \/>\n<link rel=\"canonical\" href=\"https:\/\/gondartransport.hu\/hu\/minosegpolitika\/\" \/>\n<meta property=\"og:locale\" content=\"hu_HU\" \/>\n<meta property=\"og:type\" content=\"article\" \/>\n<meta property=\"og:title\" content=\"Min\u0151s\u00e9gpolitika - Gond\u00e1r\" \/>\n<meta property=\"og:description\" content=\"Min\u0151s\u00e9gpolitika Min\u0151s\u00e9gpolitika &#8211; Gond\u00e1r Transport A Gond\u00e1r Transport Kft. vezet\u0151s\u00e9ge fontosnak tartja elk\u00f6telezetts\u00e9g\u00e9t a min\u0151s\u00e9gi munkav\u00e9gz\u00e9s ir\u00e1nt. Fontos c\u00e9lkit\u0171z\u00e9s\u00fcnk, hogy megrendel\u0151ink, partnereink ig\u00e9nyeit pontosan, id\u0151ben, megel\u00e9gedetts\u00e9g\u00fckre kiszolg\u00e1ljuk, seg\u00edts\u00fck prec\u00edz munkav\u00e9gz\u00e9s\u00fcnkkel m\u0171k\u00f6d\u00e9s\u00fcket. A c\u00e9lkit\u0171z\u00e9sek megval\u00f3s\u00edt\u00e1sa \u00e9rdek\u00e9ben olyan min\u0151s\u00e9gir\u00e1ny\u00edt\u00e1si rendszert k\u00edv\u00e1nunk m\u0171k\u00f6dtetni, mely megfelel az MSZ EN ISO 9001:2015 szabv\u00e1nyk\u00f6vetelm\u00e9nyeknek, \u00e9s seg\u00edti c\u00e9lkit\u0171z\u00e9s\u00fcnk el\u00e9r\u00e9s\u00e9t. Min\u0151s\u00e9gir\u00e1ny\u00edt\u00e1si rendszer\u00fcnkben megfogalmazott [&hellip;]\" \/>\n<meta property=\"og:url\" content=\"https:\/\/gondartransport.hu\/hu\/minosegpolitika\/\" \/>\n<meta property=\"og:site_name\" content=\"Gond\u00e1r\" \/>\n<meta property=\"article:modified_time\" content=\"2024-08-14T10:09:30+00:00\" \/>\n<meta property=\"og:image\" content=\"http:\/\/gondartransport.hu\/hu\/wp-content\/uploads\/2024\/08\/Tanusitvany-magyar-2024-202772-745x1024.jpg\" \/>\n<meta name=\"twitter:card\" content=\"summary_large_image\" \/>\n<meta name=\"twitter:label1\" content=\"Becs\u00fclt olvas\u00e1si id\u0151\" \/>\n\t<meta name=\"twitter:data1\" content=\"3 perc\" \/>\n<script type=\"application\/ld+json\" class=\"yoast-schema-graph\">{\"@context\":\"https:\/\/schema.org\",\"@graph\":[{\"@type\":\"WebPage\",\"@id\":\"https:\/\/gondartransport.hu\/hu\/minosegpolitika\/\",\"url\":\"https:\/\/gondartransport.hu\/hu\/minosegpolitika\/\",\"name\":\"Min\u0151s\u00e9gpolitika - Gond\u00e1r\",\"isPartOf\":{\"@id\":\"http:\/\/gondartransport.hu\/hu\/#website\"},\"primaryImageOfPage\":{\"@id\":\"https:\/\/gondartransport.hu\/hu\/minosegpolitika\/#primaryimage\"},\"image\":{\"@id\":\"https:\/\/gondartransport.hu\/hu\/minosegpolitika\/#primaryimage\"},\"thumbnailUrl\":\"http:\/\/gondartransport.hu\/hu\/wp-content\/uploads\/2024\/08\/Tanusitvany-magyar-2024-202772-745x1024.jpg\",\"datePublished\":\"2024-08-06T10:04:07+00:00\",\"dateModified\":\"2024-08-14T10:09:30+00:00\",\"breadcrumb\":{\"@id\":\"https:\/\/gondartransport.hu\/hu\/minosegpolitika\/#breadcrumb\"},\"inLanguage\":\"hu\",\"potentialAction\":[{\"@type\":\"ReadAction\",\"target\":[\"https:\/\/gondartransport.hu\/hu\/minosegpolitika\/\"]}]},{\"@type\":\"ImageObject\",\"inLanguage\":\"hu\",\"@id\":\"https:\/\/gondartransport.hu\/hu\/minosegpolitika\/#primaryimage\",\"url\":\"http:\/\/gondartransport.hu\/hu\/wp-content\/uploads\/2024\/08\/Tanusitvany-magyar-2024-202772-745x1024.jpg\",\"contentUrl\":\"http:\/\/gondartransport.hu\/hu\/wp-content\/uploads\/2024\/08\/Tanusitvany-magyar-2024-202772-745x1024.jpg\"},{\"@type\":\"BreadcrumbList\",\"@id\":\"https:\/\/gondartransport.hu\/hu\/minosegpolitika\/#breadcrumb\",\"itemListElement\":[{\"@type\":\"ListItem\",\"position\":1,\"name\":\"Home\",\"item\":\"http:\/\/gondartransport.hu\/hu\/\"},{\"@type\":\"ListItem\",\"position\":2,\"name\":\"Min\u0151s\u00e9gpolitika\"}]},{\"@type\":\"WebSite\",\"@id\":\"http:\/\/gondartransport.hu\/hu\/#website\",\"url\":\"http:\/\/gondartransport.hu\/hu\/\",\"name\":\"Gond\u00e1r\",\"description\":\"Sz\u00e1ll\u00edt\u00e1si \u00e9s logisztikai szolg\u00e1ltat\u00e1sok\",\"publisher\":{\"@id\":\"http:\/\/gondartransport.hu\/hu\/#organization\"},\"potentialAction\":[{\"@type\":\"SearchAction\",\"target\":{\"@type\":\"EntryPoint\",\"urlTemplate\":\"http:\/\/gondartransport.hu\/hu\/?s={search_term_string}\"},\"query-input\":{\"@type\":\"PropertyValueSpecification\",\"valueRequired\":true,\"valueName\":\"search_term_string\"}}],\"inLanguage\":\"hu\"},{\"@type\":\"Organization\",\"@id\":\"http:\/\/gondartransport.hu\/hu\/#organization\",\"name\":\"Gond\u00e1r\",\"url\":\"http:\/\/gondartransport.hu\/hu\/\",\"logo\":{\"@type\":\"ImageObject\",\"inLanguage\":\"hu\",\"@id\":\"http:\/\/gondartransport.hu\/hu\/#\/schema\/logo\/image\/\",\"url\":\"https:\/\/gondartransport.hu\/hu\/wp-content\/uploads\/2023\/04\/gondar_logo_white_.png\",\"contentUrl\":\"https:\/\/gondartransport.hu\/hu\/wp-content\/uploads\/2023\/04\/gondar_logo_white_.png\",\"width\":153,\"height\":37,\"caption\":\"Gond\u00e1r\"},\"image\":{\"@id\":\"http:\/\/gondartransport.hu\/hu\/#\/schema\/logo\/image\/\"}}]}<\/script>\n<!-- \/ Yoast SEO plugin. -->","yoast_head_json":{"title":"Min\u0151s\u00e9gpolitika - Gond\u00e1r","robots":{"index":"index","follow":"follow","max-snippet":"max-snippet:-1","max-image-preview":"max-image-preview:large","max-video-preview":"max-video-preview:-1"},"canonical":"https:\/\/gondartransport.hu\/hu\/minosegpolitika\/","og_locale":"hu_HU","og_type":"article","og_title":"Min\u0151s\u00e9gpolitika - Gond\u00e1r","og_description":"Min\u0151s\u00e9gpolitika Min\u0151s\u00e9gpolitika &#8211; Gond\u00e1r Transport A Gond\u00e1r Transport Kft. vezet\u0151s\u00e9ge fontosnak tartja elk\u00f6telezetts\u00e9g\u00e9t a min\u0151s\u00e9gi munkav\u00e9gz\u00e9s ir\u00e1nt. Fontos c\u00e9lkit\u0171z\u00e9s\u00fcnk, hogy megrendel\u0151ink, partnereink ig\u00e9nyeit pontosan, id\u0151ben, megel\u00e9gedetts\u00e9g\u00fckre kiszolg\u00e1ljuk, seg\u00edts\u00fck prec\u00edz munkav\u00e9gz\u00e9s\u00fcnkkel m\u0171k\u00f6d\u00e9s\u00fcket. A c\u00e9lkit\u0171z\u00e9sek megval\u00f3s\u00edt\u00e1sa \u00e9rdek\u00e9ben olyan min\u0151s\u00e9gir\u00e1ny\u00edt\u00e1si rendszert k\u00edv\u00e1nunk m\u0171k\u00f6dtetni, mely megfelel az MSZ EN ISO 9001:2015 szabv\u00e1nyk\u00f6vetelm\u00e9nyeknek, \u00e9s seg\u00edti c\u00e9lkit\u0171z\u00e9s\u00fcnk el\u00e9r\u00e9s\u00e9t. Min\u0151s\u00e9gir\u00e1ny\u00edt\u00e1si rendszer\u00fcnkben megfogalmazott [&hellip;]","og_url":"https:\/\/gondartransport.hu\/hu\/minosegpolitika\/","og_site_name":"Gond\u00e1r","article_modified_time":"2024-08-14T10:09:30+00:00","og_image":[{"url":"http:\/\/gondartransport.hu\/hu\/wp-content\/uploads\/2024\/08\/Tanusitvany-magyar-2024-202772-745x1024.jpg","type":"","width":"","height":""}],"twitter_card":"summary_large_image","twitter_misc":{"Becs\u00fclt olvas\u00e1si id\u0151":"3 perc"},"schema":{"@context":"https:\/\/schema.org","@graph":[{"@type":"WebPage","@id":"https:\/\/gondartransport.hu\/hu\/minosegpolitika\/","url":"https:\/\/gondartransport.hu\/hu\/minosegpolitika\/","name":"Min\u0151s\u00e9gpolitika - Gond\u00e1r","isPartOf":{"@id":"http:\/\/gondartransport.hu\/hu\/#website"},"primaryImageOfPage":{"@id":"https:\/\/gondartransport.hu\/hu\/minosegpolitika\/#primaryimage"},"image":{"@id":"https:\/\/gondartransport.hu\/hu\/minosegpolitika\/#primaryimage"},"thumbnailUrl":"http:\/\/gondartransport.hu\/hu\/wp-content\/uploads\/2024\/08\/Tanusitvany-magyar-2024-202772-745x1024.jpg","datePublished":"2024-08-06T10:04:07+00:00","dateModified":"2024-08-14T10:09:30+00:00","breadcrumb":{"@id":"https:\/\/gondartransport.hu\/hu\/minosegpolitika\/#breadcrumb"},"inLanguage":"hu","potentialAction":[{"@type":"ReadAction","target":["https:\/\/gondartransport.hu\/hu\/minosegpolitika\/"]}]},{"@type":"ImageObject","inLanguage":"hu","@id":"https:\/\/gondartransport.hu\/hu\/minosegpolitika\/#primaryimage","url":"http:\/\/gondartransport.hu\/hu\/wp-content\/uploads\/2024\/08\/Tanusitvany-magyar-2024-202772-745x1024.jpg","contentUrl":"http:\/\/gondartransport.hu\/hu\/wp-content\/uploads\/2024\/08\/Tanusitvany-magyar-2024-202772-745x1024.jpg"},{"@type":"BreadcrumbList","@id":"https:\/\/gondartransport.hu\/hu\/minosegpolitika\/#breadcrumb","itemListElement":[{"@type":"ListItem","position":1,"name":"Home","item":"http:\/\/gondartransport.hu\/hu\/"},{"@type":"ListItem","position":2,"name":"Min\u0151s\u00e9gpolitika"}]},{"@type":"WebSite","@id":"http:\/\/gondartransport.hu\/hu\/#website","url":"http:\/\/gondartransport.hu\/hu\/","name":"Gond\u00e1r","description":"Sz\u00e1ll\u00edt\u00e1si \u00e9s logisztikai szolg\u00e1ltat\u00e1sok","publisher":{"@id":"http:\/\/gondartransport.hu\/hu\/#organization"},"potentialAction":[{"@type":"SearchAction","target":{"@type":"EntryPoint","urlTemplate":"http:\/\/gondartransport.hu\/hu\/?s={search_term_string}"},"query-input":{"@type":"PropertyValueSpecification","valueRequired":true,"valueName":"search_term_string"}}],"inLanguage":"hu"},{"@type":"Organization","@id":"http:\/\/gondartransport.hu\/hu\/#organization","name":"Gond\u00e1r","url":"http:\/\/gondartransport.hu\/hu\/","logo":{"@type":"ImageObject","inLanguage":"hu","@id":"http:\/\/gondartransport.hu\/hu\/#\/schema\/logo\/image\/","url":"https:\/\/gondartransport.hu\/hu\/wp-content\/uploads\/2023\/04\/gondar_logo_white_.png","contentUrl":"https:\/\/gondartransport.hu\/hu\/wp-content\/uploads\/2023\/04\/gondar_logo_white_.png","width":153,"height":37,"caption":"Gond\u00e1r"},"image":{"@id":"http:\/\/gondartransport.hu\/hu\/#\/schema\/logo\/image\/"}}]}},"_links":{"self":[{"href":"https:\/\/gondartransport.hu\/hu\/wp-json\/wp\/v2\/pages\/570","targetHints":{"allow":["GET"]}}],"collection":[{"href":"https:\/\/gondartransport.hu\/hu\/wp-json\/wp\/v2\/pages"}],"about":[{"href":"https:\/\/gondartransport.hu\/hu\/wp-json\/wp\/v2\/types\/page"}],"author":[{"embeddable":true,"href":"https:\/\/gondartransport.hu\/hu\/wp-json\/wp\/v2\/users\/1"}],"replies":[{"embeddable":true,"href":"https:\/\/gondartransport.hu\/hu\/wp-json\/wp\/v2\/comments?post=570"}],"version-history":[{"count":18,"href":"https:\/\/gondartransport.hu\/hu\/wp-json\/wp\/v2\/pages\/570\/revisions"}],"predecessor-version":[{"id":595,"href":"https:\/\/gondartransport.hu\/hu\/wp-json\/wp\/v2\/pages\/570\/revisions\/595"}],"wp:attachment":[{"href":"https:\/\/gondartransport.hu\/hu\/wp-json\/wp\/v2\/media?parent=570"}],"curies":[{"name":"wp","href":"https:\/\/api.w.org\/{rel}","templated":true}]}}